{"id":815,"date":"2021-06-16T00:22:37","date_gmt":"2021-06-15T22:22:37","guid":{"rendered":"https:\/\/enagrom.ovh\/handiespoir\/?page_id=815"},"modified":"2021-12-08T11:22:15","modified_gmt":"2021-12-08T10:22:15","slug":"actualites","status":"publish","type":"page","link":"https:\/\/enagrom.ovh\/handiespoir\/actualites\/","title":{"rendered":"Actualit\u00e9s"},"content":{"rendered":"\t\t<div data-elementor-type=\"wp-page\" data-elementor-id=\"815\" class=\"elementor elementor-815\">\n\t\t\t\t\t\t<section class=\"elementor-section elementor-top-section elementor-element elementor-element-818d45e elementor-section-boxed elementor-section-height-default elementor-section-height-default\" data-id=\"818d45e\" data-element_type=\"section\" data-e-type=\"section\">\n\t\t\t\t\t\t<div class=\"elementor-container elementor-column-gap-default\">\n\t\t\t\t\t<div class=\"elementor-column elementor-col-100 elementor-top-column elementor-element elementor-element-6c712b2\" data-id=\"6c712b2\" data-element_type=\"column\" data-e-type=\"column\">\n\t\t\t<div class=\"elementor-widget-wrap elementor-element-populated\">\n\t\t\t\t\t\t<div class=\"elementor-element elementor-element-c501525 elementor-widget elementor-widget-heading\" data-id=\"c501525\" data-element_type=\"widget\" data-e-type=\"widget\" data-widget_type=\"heading.default\">\n\t\t\t\t<div class=\"elementor-widget-container\">\n\t\t\t\t\t<h2 class=\"elementor-heading-title elementor-size-default\">REMISE OFFICIELLE D' UN DON PAR LE CREDIT AGRICOLE<\/h2>\t\t\t\t<\/div>\n\t\t\t\t<\/div>\n\t\t\t\t\t<\/div>\n\t\t<\/div>\n\t\t\t\t\t<\/div>\n\t\t<\/section>\n\t\t\t\t<section class=\"elementor-section elementor-top-section elementor-element elementor-element-dc1cd2c elementor-section-boxed elementor-section-height-default elementor-section-height-default\" data-id=\"dc1cd2c\" data-element_type=\"section\" data-e-type=\"section\">\n\t\t\t\t\t\t<div class=\"elementor-container elementor-column-gap-default\">\n\t\t\t\t\t<div class=\"elementor-column elementor-col-100 elementor-top-column elementor-element elementor-element-75a87f3\" data-id=\"75a87f3\" data-element_type=\"column\" data-e-type=\"column\">\n\t\t\t<div class=\"elementor-widget-wrap elementor-element-populated\">\n\t\t\t\t\t\t<div class=\"elementor-element elementor-element-2c30530 elementor-widget elementor-widget-text-editor\" data-id=\"2c30530\" data-element_type=\"widget\" data-e-type=\"widget\" data-widget_type=\"text-editor.default\">\n\t\t\t\t<div class=\"elementor-widget-container\">\n\t\t\t\t\t\t\t\t\t<p>Une d\u00e9l\u00e9gation du Cr\u00e9dit agricole est venue remettre \u00e0 l&rsquo;association HANDI-ESPOIR ce mardi 7 D\u00e9cembre 2021 un don d&rsquo;un montant de 4 578.00\u20ac dans le cadre de son accompagnement sur le territoire, de projets associatifs et solidaires !\u00a0<\/p><p>Les id\u00e9es ne manquent pas pour 2022 entre le d\u00e9veloppement de l&rsquo;accueil familial (familles d&rsquo;accueil et relayage) et un projet d&rsquo;habitat inclusif&#8230; Nous remercions\u00a0 tr\u00e8s sinc\u00e8rement le CREDIT AGRICOLE\u00a0 pour son soutien pr\u00e9cieux qui contribue au d\u00e9veloppement de nos futurs\u00a0 projets !<\/p>\t\t\t\t\t\t\t\t<\/div>\n\t\t\t\t<\/div>\n\t\t\t\t<div class=\"elementor-element elementor-element-19e0690 elementor-widget elementor-widget-image\" data-id=\"19e0690\" data-element_type=\"widget\" data-e-type=\"widget\" data-widget_type=\"image.default\">\n\t\t\t\t<div class=\"elementor-widget-container\">\n\t\t\t\t\t\t\t\t\t\t\t\t<figure class=\"wp-caption\">\n\t\t\t\t\t\t\t\t\t\t<img fetchpriority=\"high\" decoding=\"async\" width=\"696\" height=\"522\" src=\"https:\/\/enagrom.ovh\/handiespoir\/wp-content\/uploads\/2021\/12\/IMG_20211207_150120-1024x768.jpg\" class=\"attachment-large size-large wp-image-1839\" alt=\"\" srcset=\"https:\/\/enagrom.ovh\/handiespoir\/wp-content\/uploads\/2021\/12\/IMG_20211207_150120-1024x768.jpg 1024w, https:\/\/enagrom.ovh\/handiespoir\/wp-content\/uploads\/2021\/12\/IMG_20211207_150120-300x225.jpg 300w, https:\/\/enagrom.ovh\/handiespoir\/wp-content\/uploads\/2021\/12\/IMG_20211207_150120-768x576.jpg 768w, https:\/\/enagrom.ovh\/handiespoir\/wp-content\/uploads\/2021\/12\/IMG_20211207_150120-1536x1152.jpg 1536w, https:\/\/enagrom.ovh\/handiespoir\/wp-content\/uploads\/2021\/12\/IMG_20211207_150120.jpg 2000w\" sizes=\"(max-width: 696px) 100vw, 696px\" \/>\t\t\t\t\t\t\t\t\t\t\t<figcaption class=\"widget-image-caption wp-caption-text\">De Gauche \u00e0 droite : Mr Gerardin Patrick, administrateur et vice-pr\u00e9sident de l'assocation Handi-Espoir, Emmanuel Bonneau, Directeur G\u00e9n\u00e9ral de l'association Handi-Espoir,  Chlo\u00e9 Milcendeau, responable point de vente de Co\u00ebx, Corinne Haquin, charg\u00e9e d'affaire grandes associations, Nicolas Ridel, administrateur de la caisse locale et J\u00e9r\u00f4me Gahery, directeur de l'agence de St Gilles Croix de Vie<\/figcaption>\n\t\t\t\t\t\t\t\t\t\t<\/figure>\n\t\t\t\t\t\t\t\t\t<\/div>\n\t\t\t\t<\/div>\n\t\t\t\t\t<\/div>\n\t\t<\/div>\n\t\t\t\t\t<\/div>\n\t\t<\/section>\n\t\t\t\t<section class=\"elementor-section elementor-top-section elementor-element elementor-element-8acbbec elementor-section-boxed elementor-section-height-default elementor-section-height-default\" data-id=\"8acbbec\" data-element_type=\"section\" data-e-type=\"section\">\n\t\t\t\t\t\t<div class=\"elementor-container elementor-column-gap-default\">\n\t\t\t\t\t<div class=\"elementor-column elementor-col-100 elementor-top-column elementor-element elementor-element-813e477\" data-id=\"813e477\" data-element_type=\"column\" data-e-type=\"column\">\n\t\t\t<div class=\"elementor-widget-wrap elementor-element-populated\">\n\t\t\t\t\t\t<div class=\"elementor-element elementor-element-cacbc78 elementor-grid-eael-col-3 news-list elementor-grid-tablet-eael-col-2 elementor-grid-mobile-eael-col-1 elementor-widget elementor-widget-eael-post-grid\" data-id=\"cacbc78\" data-element_type=\"widget\" data-e-type=\"widget\" data-settings=\"{&quot;eael_post_grid_columns&quot;:&quot;eael-col-3&quot;,&quot;eael_post_grid_columns_tablet&quot;:&quot;eael-col-2&quot;,&quot;eael_post_grid_columns_mobile&quot;:&quot;eael-col-1&quot;}\" data-widget_type=\"eael-post-grid.default\">\n\t\t\t\t<div class=\"elementor-widget-container\">\n\t\t\t\t\t<div id=\"eael-post-grid-cacbc78\" class=\"eael-post-grid-container\">\n            <div class=\"eael-post-grid eael-post-appender eael-post-appender-cacbc78 eael-post-grid-style-two\" data-layout-mode=\"grid\"><article class=\"eael-grid-post  eael-post-grid-column eael-pg-post-2028 category-non-classe\" data-id=\"2028\">\n    <div class=\"eael-grid-post-holder\">\n        <div class=\"eael-grid-post-holder-inner\"><div class=\"eael-entry-wrapper\"><header class=\"eael-entry-header\"><h2 class=\"eael-entry-title\"><a class=\"eael-grid-post-link\" href=\"https:\/\/enagrom.ovh\/handiespoir\/creation-du-gcsms-groupement-de-cooperation-sociale-et-medico-sociale-notre-dame-de-monts\/\" title=\"CREATION DU GCSMS (groupement de coop\u00e9ration sociale et m\u00e9dico-sociale) Notre Dame de Monts\">CREATION DU GCSMS (groupement de coop\u00e9ration sociale et m\u00e9dico-sociale) Notre Dame de Monts<\/a><\/h2><\/header><div class=\"eael-entry-content\">\n                                <div class=\"eael-grid-post-excerpt\"><p>L a signature de la convention constitutive de ce groupement a eu lieu ce mercredi 23...<\/p><\/div>\n                            <\/div><div class=\"eael-entry-header-after style-two\"><div class=\"eael-entry-meta\"><span class=\"eael-meta-posted-on\"><i class=\"far fa-clock\"><\/i><time datetime=\"23 f\u00e9vrier 2022\">23 f\u00e9vrier 2022<\/time><\/span><\/div><\/div><\/div><\/div>\n    <\/div>\n<\/article><article class=\"eael-grid-post  eael-post-grid-column eael-pg-post-2024 category-non-classe\" data-id=\"2024\">\n    <div class=\"eael-grid-post-holder\">\n        <div class=\"eael-grid-post-holder-inner\"><div class=\"eael-entry-wrapper\"><header class=\"eael-entry-header\"><h2 class=\"eael-entry-title\"><a class=\"eael-grid-post-link\" href=\"https:\/\/enagrom.ovh\/handiespoir\/lancement-du-comite-de-reflexion-ethique-au-sein-de-lassociation\/\" title=\"LANCEMENT DU COMITE DE REFLEXION ETHIQUE AU SEIN DE L&rsquo;ASSOCIATION\">LANCEMENT DU COMITE DE REFLEXION ETHIQUE AU SEIN DE L&rsquo;ASSOCIATION<\/a><\/h2><\/header><div class=\"eael-entry-content\">\n                                <div class=\"eael-grid-post-excerpt\"><p>Premi\u00e8re r\u00e9union ce matin, qui rassemblaient des repr\u00e9sentants de salari\u00e9s, de familles et d&rsquo;administrateurs Au Val...<\/p><\/div>\n                            <\/div><div class=\"eael-entry-header-after style-two\"><div class=\"eael-entry-meta\"><span class=\"eael-meta-posted-on\"><i class=\"far fa-clock\"><\/i><time datetime=\"23 f\u00e9vrier 2022\">23 f\u00e9vrier 2022<\/time><\/span><\/div><\/div><\/div><\/div>\n    <\/div>\n<\/article><article class=\"eael-grid-post  eael-post-grid-column eael-pg-post-1627 category-non-classe\" data-id=\"1627\">\n    <div class=\"eael-grid-post-holder\">\n        <div class=\"eael-grid-post-holder-inner\"><div class=\"eael-entry-wrapper\"><header class=\"eael-entry-header\"><h2 class=\"eael-entry-title\"><a class=\"eael-grid-post-link\" href=\"https:\/\/enagrom.ovh\/handiespoir\/assemblee-generale-2022\/\" title=\"ASSEMBLEE GENERALE 2022\">ASSEMBLEE GENERALE 2022<\/a><\/h2><\/header><div class=\"eael-entry-content\">\n                                <div class=\"eael-grid-post-excerpt\"><p>Nous vous invitons \u00e0 nous rejoindre pour l&rsquo;assembl\u00e9e g\u00e9n\u00e9rale annuelle le mercredi 15 juin 2022\u00e0 19h...<\/p><\/div>\n                            <\/div><div class=\"eael-entry-header-after style-two\"><div class=\"eael-entry-meta\"><span class=\"eael-meta-posted-on\"><i class=\"far fa-clock\"><\/i><time datetime=\"5 f\u00e9vrier 2022\">5 f\u00e9vrier 2022<\/time><\/span><\/div><\/div><\/div><\/div>\n    <\/div>\n<\/article><article class=\"eael-grid-post  eael-post-grid-column eael-pg-post-1921 category-non-classe\" data-id=\"1921\">\n    <div class=\"eael-grid-post-holder\">\n        <div class=\"eael-grid-post-holder-inner\"><div class=\"eael-entry-wrapper\"><header class=\"eael-entry-header\"><h2 class=\"eael-entry-title\"><a class=\"eael-grid-post-link\" href=\"https:\/\/enagrom.ovh\/handiespoir\/coali-reseau-des-pays-de-loire\/\" title=\"COALI  r\u00e9seau des Pays de Loire\">COALI  r\u00e9seau des Pays de Loire<\/a><\/h2><\/header><div class=\"eael-entry-content\">\n                                <div class=\"eael-grid-post-excerpt\"><p>Coali rassemble des professionnels des secteurs sanitaire et m\u00e9dico-social, des associations de familles ainsi que des...<\/p><\/div>\n                            <\/div><div class=\"eael-entry-header-after style-two\"><div class=\"eael-entry-meta\"><span class=\"eael-meta-posted-on\"><i class=\"far fa-clock\"><\/i><time datetime=\"7 janvier 2022\">7 janvier 2022<\/time><\/span><\/div><\/div><\/div><\/div>\n    <\/div>\n<\/article><article class=\"eael-grid-post  eael-post-grid-column eael-pg-post-1875 category-non-classe\" data-id=\"1875\">\n    <div class=\"eael-grid-post-holder\">\n        <div class=\"eael-grid-post-holder-inner\"><div class=\"eael-entry-wrapper\"><header class=\"eael-entry-header\"><h2 class=\"eael-entry-title\"><a class=\"eael-grid-post-link\" href=\"https:\/\/enagrom.ovh\/handiespoir\/nos-partenariats\/\" title=\"NOS PARTENARIATS\">NOS PARTENARIATS<\/a><\/h2><\/header><div class=\"eael-entry-content\">\n                                <div class=\"eael-grid-post-excerpt\"><p>Handi-Espoir est accompagn\u00e9 par l&rsquo;ESSEC (Ecole Sup\u00e9rieure des Sciences Economiques et Commerciales) via son programme Scale...<\/p><\/div>\n                            <\/div><div class=\"eael-entry-header-after style-two\"><div class=\"eael-entry-meta\"><span class=\"eael-meta-posted-on\"><i class=\"far fa-clock\"><\/i><time datetime=\"16 d\u00e9cembre 2021\">16 d\u00e9cembre 2021<\/time><\/span><\/div><\/div><\/div><\/div>\n    <\/div>\n<\/article><article class=\"eael-grid-post  eael-post-grid-column eael-pg-post-1872 category-non-classe\" data-id=\"1872\">\n    <div class=\"eael-grid-post-holder\">\n        <div class=\"eael-grid-post-holder-inner\"><div class=\"eael-entry-wrapper\"><header class=\"eael-entry-header\"><h2 class=\"eael-entry-title\"><a class=\"eael-grid-post-link\" href=\"https:\/\/enagrom.ovh\/handiespoir\/laureat-de-lappel-a-projet-de-la-caisse-depargne-mon-projet-innovant\/\" title=\"laur\u00e9at de l&rsquo;appel \u00e0 projet de la Caisse d&rsquo;Epargne \u00ab\u00a0mon projet innovant \u00ab\u00a0\">laur\u00e9at de l&rsquo;appel \u00e0 projet de la Caisse d&rsquo;Epargne \u00ab\u00a0mon projet innovant \u00ab\u00a0<\/a><\/h2><\/header><div class=\"eael-entry-content\">\n                                <div class=\"eael-grid-post-excerpt\"><p>L&rsquo;association a r\u00e9pondu \u00e0 l&rsquo;appel \u00e0 projet de la Caisse d&rsquo;Epargne Bretagne Pays de Loire concernant...<\/p><\/div>\n                            <\/div><div class=\"eael-entry-header-after style-two\"><div class=\"eael-entry-meta\"><span class=\"eael-meta-posted-on\"><i class=\"far fa-clock\"><\/i><time datetime=\"16 d\u00e9cembre 2021\">16 d\u00e9cembre 2021<\/time><\/span><\/div><\/div><\/div><\/div>\n    <\/div>\n<\/article><article class=\"eael-grid-post  eael-post-grid-column eael-pg-post-1809 category-non-classe\" data-id=\"1809\">\n    <div class=\"eael-grid-post-holder\">\n        <div class=\"eael-grid-post-holder-inner\"><div class=\"eael-entry-wrapper\"><header class=\"eael-entry-header\"><h2 class=\"eael-entry-title\"><a class=\"eael-grid-post-link\" href=\"https:\/\/enagrom.ovh\/handiespoir\/trophee-de-linnovation-pour-handi-espoir\/\" title=\"TROPHEE DE L&rsquo;INNOVATION                  POUR HANDI-ESPOIR\">TROPHEE DE L&rsquo;INNOVATION                  POUR HANDI-ESPOIR<\/a><\/h2><\/header><div class=\"eael-entry-content\">\n                                <div class=\"eael-grid-post-excerpt\"><p>Le RELAYAGE est une solution de r\u00e9pit propos\u00e9e \u00e0 des accueillants familiaux agr\u00e9\u00e9s par le conseil...<\/p><\/div>\n                            <\/div><div class=\"eael-entry-header-after style-two\"><div class=\"eael-entry-meta\"><span class=\"eael-meta-posted-on\"><i class=\"far fa-clock\"><\/i><time datetime=\"25 novembre 2021\">25 novembre 2021<\/time><\/span><\/div><\/div><\/div><\/div>\n    <\/div>\n<\/article><article class=\"eael-grid-post  eael-post-grid-column eael-pg-post-1801 category-non-classe\" data-id=\"1801\">\n    <div class=\"eael-grid-post-holder\">\n        <div class=\"eael-grid-post-holder-inner\"><div class=\"eael-entry-wrapper\"><header class=\"eael-entry-header\"><h2 class=\"eael-entry-title\"><a class=\"eael-grid-post-link\" href=\"https:\/\/enagrom.ovh\/handiespoir\/journee-des-administrateurs\/\" title=\"JOURNEE DES ADMINISTRATEURS\">JOURNEE DES ADMINISTRATEURS<\/a><\/h2><\/header><div class=\"eael-entry-content\">\n                                <div class=\"eael-grid-post-excerpt\"><p>Le samedi 20 novembre dernier, les administrateurs de l&rsquo;association Handi-Espoir se sont r\u00e9unis, ainsi que les...<\/p><\/div>\n                            <\/div><div class=\"eael-entry-header-after style-two\"><div class=\"eael-entry-meta\"><span class=\"eael-meta-posted-on\"><i class=\"far fa-clock\"><\/i><time datetime=\"22 novembre 2021\">22 novembre 2021<\/time><\/span><\/div><\/div><\/div><\/div>\n    <\/div>\n<\/article><article class=\"eael-grid-post  eael-post-grid-column eael-pg-post-1755 category-non-classe\" data-id=\"1755\">\n    <div class=\"eael-grid-post-holder\">\n        <div class=\"eael-grid-post-holder-inner\"><div class=\"eael-entry-wrapper\"><header class=\"eael-entry-header\"><h2 class=\"eael-entry-title\"><a class=\"eael-grid-post-link\" href=\"https:\/\/enagrom.ovh\/handiespoir\/service-daccueil-familial\/\" title=\"SERVICE D&rsquo;ACCUEIL FAMILIAL\">SERVICE D&rsquo;ACCUEIL FAMILIAL<\/a><\/h2><\/header><div class=\"eael-entry-content\">\n                                <div class=\"eael-grid-post-excerpt\"><p>Vous trouverez ci-dessous la plaquette du hameau \u00ab\u00a0Le Petit chez Nous\u00a0\u00bb&#8230; Les murs sont sortis de...<\/p><\/div>\n                            <\/div><div class=\"eael-entry-header-after style-two\"><div class=\"eael-entry-meta\"><span class=\"eael-meta-posted-on\"><i class=\"far fa-clock\"><\/i><time datetime=\"18 novembre 2021\">18 novembre 2021<\/time><\/span><\/div><\/div><\/div><\/div>\n    <\/div>\n<\/article><\/div>\n            <div class=\"clearfix\"><\/div>\n        <\/div>            <div class=\"eael-load-more-button-wrap\">\n                <button class=\"eael-load-more-button\" id=\"eael-load-more-btn-cacbc78\" data-widget-id=\"cacbc78\" data-widget=\"cacbc78\" data-page-id=\"815\" data-template=\"{&quot;dir&quot;:&quot;lite&quot;,&quot;file_name&quot;:&quot;two.php&quot;,&quot;name&quot;:&quot;Post-Grid&quot;}\" data-class=\"Essential_Addons_Elementor\\Elements\\Post_Grid\" data-layout=\"grid\" data-page=\"1\" data-args=\"orderby=date&amp;order=desc&amp;ignore_sticky_posts=1&amp;post_status=publish&amp;posts_per_page=9&amp;offset=0&amp;post_type=post\" data-max-page=\"2\">\n                    <span class=\"eael-btn-loader button__loader\"><\/span>\n                    <span class=\"eael_load_more_text\">Afficher davantage<\/span>\n                <\/button>\n            <\/div>\n            \t\t\t\t<\/div>\n\t\t\t\t<\/div>\n\t\t\t\t\t<\/div>\n\t\t<\/div>\n\t\t\t\t\t<\/div>\n\t\t<\/section>\n\t\t\t\t<\/div>\n\t\t","protected":false},"excerpt":{"rendered":"<p>REMISE OFFICIELLE D&rsquo; UN DON PAR LE CREDIT AGRICOLE Une d\u00e9l\u00e9gation du Cr\u00e9dit agricole est venue remettre \u00e0 l&rsquo;association HANDI-ESPOIR ce mardi 7 D\u00e9cembre 2021 un don d&rsquo;un montant de 4 578.00\u20ac dans le cadre de son accompagnement sur le territoire, de projets associatifs et solidaires !\u00a0 Les id\u00e9es ne manquent pas pour 2022 entre [&hellip;]<\/p>\n","protected":false},"author":2,"featured_media":0,"parent":0,"menu_order":0,"comment_status":"closed","ping_status":"closed","template":"template-fullwidth.php","meta":{"footnotes":""},"class_list":["post-815","page","type-page","status-publish","hentry"],"yoast_head":"<!-- This site is optimized with the Yoast SEO plugin v27.5 - https:\/\/yoast.com\/product\/yoast-seo-wordpress\/ -->\n<title>Actualit\u00e9s - Handi-Espoir<\/title>\n<meta name=\"robots\" content=\"index, follow, max-snippet:-1, max-image-preview:large, max-video-preview:-1\" \/>\n<link rel=\"canonical\" href=\"https:\/\/enagrom.ovh\/handiespoir\/actualites\/\" \/>\n<meta property=\"og:locale\" content=\"fr_FR\" \/>\n<meta property=\"og:type\" content=\"article\" \/>\n<meta property=\"og:title\" content=\"Actualit\u00e9s - Handi-Espoir\" \/>\n<meta property=\"og:description\" content=\"REMISE OFFICIELLE D&rsquo; UN DON PAR LE CREDIT AGRICOLE Une d\u00e9l\u00e9gation du Cr\u00e9dit agricole est venue remettre \u00e0 l&rsquo;association HANDI-ESPOIR ce mardi 7 D\u00e9cembre 2021 un don d&rsquo;un montant de 4 578.00\u20ac dans le cadre de son accompagnement sur le territoire, de projets associatifs et solidaires !\u00a0 Les id\u00e9es ne manquent pas pour 2022 entre [&hellip;]\" \/>\n<meta property=\"og:url\" content=\"https:\/\/enagrom.ovh\/handiespoir\/actualites\/\" \/>\n<meta property=\"og:site_name\" content=\"Handi-Espoir\" \/>\n<meta property=\"article:publisher\" content=\"https:\/\/www.facebook.com\/Association-Handi-Espoir-1609929219256524\/\" \/>\n<meta property=\"article:modified_time\" content=\"2021-12-08T10:22:15+00:00\" \/>\n<meta property=\"og:image\" content=\"https:\/\/enagrom.ovh\/handiespoir\/wp-content\/uploads\/2021\/12\/IMG_20211207_150120-1024x768.jpg\" \/>\n<meta name=\"twitter:card\" content=\"summary_large_image\" \/>\n<meta name=\"twitter:label1\" content=\"Dur\u00e9e de lecture estim\u00e9e\" \/>\n\t<meta name=\"twitter:data1\" content=\"2 minutes\" \/>\n<script type=\"application\/ld+json\" class=\"yoast-schema-graph\">{\"@context\":\"https:\\\/\\\/schema.org\",\"@graph\":[{\"@type\":\"WebPage\",\"@id\":\"https:\\\/\\\/enagrom.ovh\\\/handiespoir\\\/actualites\\\/\",\"url\":\"https:\\\/\\\/enagrom.ovh\\\/handiespoir\\\/actualites\\\/\",\"name\":\"Actualit\u00e9s - Handi-Espoir\",\"isPartOf\":{\"@id\":\"https:\\\/\\\/enagrom.ovh\\\/handiespoir\\\/#website\"},\"primaryImageOfPage\":{\"@id\":\"https:\\\/\\\/enagrom.ovh\\\/handiespoir\\\/actualites\\\/#primaryimage\"},\"image\":{\"@id\":\"https:\\\/\\\/enagrom.ovh\\\/handiespoir\\\/actualites\\\/#primaryimage\"},\"thumbnailUrl\":\"https:\\\/\\\/enagrom.ovh\\\/handiespoir\\\/wp-content\\\/uploads\\\/2021\\\/12\\\/IMG_20211207_150120-1024x768.jpg\",\"datePublished\":\"2021-06-15T22:22:37+00:00\",\"dateModified\":\"2021-12-08T10:22:15+00:00\",\"breadcrumb\":{\"@id\":\"https:\\\/\\\/enagrom.ovh\\\/handiespoir\\\/actualites\\\/#breadcrumb\"},\"inLanguage\":\"fr-FR\",\"potentialAction\":[{\"@type\":\"ReadAction\",\"target\":[\"https:\\\/\\\/enagrom.ovh\\\/handiespoir\\\/actualites\\\/\"]}]},{\"@type\":\"ImageObject\",\"inLanguage\":\"fr-FR\",\"@id\":\"https:\\\/\\\/enagrom.ovh\\\/handiespoir\\\/actualites\\\/#primaryimage\",\"url\":\"https:\\\/\\\/enagrom.ovh\\\/handiespoir\\\/wp-content\\\/uploads\\\/2021\\\/12\\\/IMG_20211207_150120.jpg\",\"contentUrl\":\"https:\\\/\\\/enagrom.ovh\\\/handiespoir\\\/wp-content\\\/uploads\\\/2021\\\/12\\\/IMG_20211207_150120.jpg\",\"width\":2000,\"height\":1500},{\"@type\":\"BreadcrumbList\",\"@id\":\"https:\\\/\\\/enagrom.ovh\\\/handiespoir\\\/actualites\\\/#breadcrumb\",\"itemListElement\":[{\"@type\":\"ListItem\",\"position\":1,\"name\":\"Accueil\",\"item\":\"https:\\\/\\\/enagrom.ovh\\\/handiespoir\\\/\"},{\"@type\":\"ListItem\",\"position\":2,\"name\":\"Actualit\u00e9s\"}]},{\"@type\":\"WebSite\",\"@id\":\"https:\\\/\\\/enagrom.ovh\\\/handiespoir\\\/#website\",\"url\":\"https:\\\/\\\/enagrom.ovh\\\/handiespoir\\\/\",\"name\":\"Handi-Espoir\",\"description\":\"\u00catre au service des personnes handicap\u00e9es et de leurs proches\",\"publisher\":{\"@id\":\"https:\\\/\\\/enagrom.ovh\\\/handiespoir\\\/#organization\"},\"potentialAction\":[{\"@type\":\"SearchAction\",\"target\":{\"@type\":\"EntryPoint\",\"urlTemplate\":\"https:\\\/\\\/enagrom.ovh\\\/handiespoir\\\/?s={search_term_string}\"},\"query-input\":{\"@type\":\"PropertyValueSpecification\",\"valueRequired\":true,\"valueName\":\"search_term_string\"}}],\"inLanguage\":\"fr-FR\"},{\"@type\":\"Organization\",\"@id\":\"https:\\\/\\\/enagrom.ovh\\\/handiespoir\\\/#organization\",\"name\":\"Handi-Espoir\",\"url\":\"https:\\\/\\\/enagrom.ovh\\\/handiespoir\\\/\",\"logo\":{\"@type\":\"ImageObject\",\"inLanguage\":\"fr-FR\",\"@id\":\"https:\\\/\\\/enagrom.ovh\\\/handiespoir\\\/#\\\/schema\\\/logo\\\/image\\\/\",\"url\":\"https:\\\/\\\/enagrom.ovh\\\/handiespoir\\\/wp-content\\\/uploads\\\/2021\\\/05\\\/cropped-logo-handi-espoir.png\",\"contentUrl\":\"https:\\\/\\\/enagrom.ovh\\\/handiespoir\\\/wp-content\\\/uploads\\\/2021\\\/05\\\/cropped-logo-handi-espoir.png\",\"width\":537,\"height\":338,\"caption\":\"Handi-Espoir\"},\"image\":{\"@id\":\"https:\\\/\\\/enagrom.ovh\\\/handiespoir\\\/#\\\/schema\\\/logo\\\/image\\\/\"},\"sameAs\":[\"https:\\\/\\\/www.facebook.com\\\/Association-Handi-Espoir-1609929219256524\\\/\"]}]}<\/script>\n<!-- \/ Yoast SEO plugin. -->","yoast_head_json":{"title":"Actualit\u00e9s - Handi-Espoir","robots":{"index":"index","follow":"follow","max-snippet":"max-snippet:-1","max-image-preview":"max-image-preview:large","max-video-preview":"max-video-preview:-1"},"canonical":"https:\/\/enagrom.ovh\/handiespoir\/actualites\/","og_locale":"fr_FR","og_type":"article","og_title":"Actualit\u00e9s - Handi-Espoir","og_description":"REMISE OFFICIELLE D&rsquo; UN DON PAR LE CREDIT AGRICOLE Une d\u00e9l\u00e9gation du Cr\u00e9dit agricole est venue remettre \u00e0 l&rsquo;association HANDI-ESPOIR ce mardi 7 D\u00e9cembre 2021 un don d&rsquo;un montant de 4 578.00\u20ac dans le cadre de son accompagnement sur le territoire, de projets associatifs et solidaires !\u00a0 Les id\u00e9es ne manquent pas pour 2022 entre [&hellip;]","og_url":"https:\/\/enagrom.ovh\/handiespoir\/actualites\/","og_site_name":"Handi-Espoir","article_publisher":"https:\/\/www.facebook.com\/Association-Handi-Espoir-1609929219256524\/","article_modified_time":"2021-12-08T10:22:15+00:00","og_image":[{"url":"https:\/\/enagrom.ovh\/handiespoir\/wp-content\/uploads\/2021\/12\/IMG_20211207_150120-1024x768.jpg","type":"","width":"","height":""}],"twitter_card":"summary_large_image","twitter_misc":{"Dur\u00e9e de lecture estim\u00e9e":"2 minutes"},"schema":{"@context":"https:\/\/schema.org","@graph":[{"@type":"WebPage","@id":"https:\/\/enagrom.ovh\/handiespoir\/actualites\/","url":"https:\/\/enagrom.ovh\/handiespoir\/actualites\/","name":"Actualit\u00e9s - Handi-Espoir","isPartOf":{"@id":"https:\/\/enagrom.ovh\/handiespoir\/#website"},"primaryImageOfPage":{"@id":"https:\/\/enagrom.ovh\/handiespoir\/actualites\/#primaryimage"},"image":{"@id":"https:\/\/enagrom.ovh\/handiespoir\/actualites\/#primaryimage"},"thumbnailUrl":"https:\/\/enagrom.ovh\/handiespoir\/wp-content\/uploads\/2021\/12\/IMG_20211207_150120-1024x768.jpg","datePublished":"2021-06-15T22:22:37+00:00","dateModified":"2021-12-08T10:22:15+00:00","breadcrumb":{"@id":"https:\/\/enagrom.ovh\/handiespoir\/actualites\/#breadcrumb"},"inLanguage":"fr-FR","potentialAction":[{"@type":"ReadAction","target":["https:\/\/enagrom.ovh\/handiespoir\/actualites\/"]}]},{"@type":"ImageObject","inLanguage":"fr-FR","@id":"https:\/\/enagrom.ovh\/handiespoir\/actualites\/#primaryimage","url":"https:\/\/enagrom.ovh\/handiespoir\/wp-content\/uploads\/2021\/12\/IMG_20211207_150120.jpg","contentUrl":"https:\/\/enagrom.ovh\/handiespoir\/wp-content\/uploads\/2021\/12\/IMG_20211207_150120.jpg","width":2000,"height":1500},{"@type":"BreadcrumbList","@id":"https:\/\/enagrom.ovh\/handiespoir\/actualites\/#breadcrumb","itemListElement":[{"@type":"ListItem","position":1,"name":"Accueil","item":"https:\/\/enagrom.ovh\/handiespoir\/"},{"@type":"ListItem","position":2,"name":"Actualit\u00e9s"}]},{"@type":"WebSite","@id":"https:\/\/enagrom.ovh\/handiespoir\/#website","url":"https:\/\/enagrom.ovh\/handiespoir\/","name":"Handi-Espoir","description":"\u00catre au service des personnes handicap\u00e9es et de leurs proches","publisher":{"@id":"https:\/\/enagrom.ovh\/handiespoir\/#organization"},"potentialAction":[{"@type":"SearchAction","target":{"@type":"EntryPoint","urlTemplate":"https:\/\/enagrom.ovh\/handiespoir\/?s={search_term_string}"},"query-input":{"@type":"PropertyValueSpecification","valueRequired":true,"valueName":"search_term_string"}}],"inLanguage":"fr-FR"},{"@type":"Organization","@id":"https:\/\/enagrom.ovh\/handiespoir\/#organization","name":"Handi-Espoir","url":"https:\/\/enagrom.ovh\/handiespoir\/","logo":{"@type":"ImageObject","inLanguage":"fr-FR","@id":"https:\/\/enagrom.ovh\/handiespoir\/#\/schema\/logo\/image\/","url":"https:\/\/enagrom.ovh\/handiespoir\/wp-content\/uploads\/2021\/05\/cropped-logo-handi-espoir.png","contentUrl":"https:\/\/enagrom.ovh\/handiespoir\/wp-content\/uploads\/2021\/05\/cropped-logo-handi-espoir.png","width":537,"height":338,"caption":"Handi-Espoir"},"image":{"@id":"https:\/\/enagrom.ovh\/handiespoir\/#\/schema\/logo\/image\/"},"sameAs":["https:\/\/www.facebook.com\/Association-Handi-Espoir-1609929219256524\/"]}]}},"_links":{"self":[{"href":"https:\/\/enagrom.ovh\/handiespoir\/wp-json\/wp\/v2\/pages\/815","targetHints":{"allow":["GET"]}}],"collection":[{"href":"https:\/\/enagrom.ovh\/handiespoir\/wp-json\/wp\/v2\/pages"}],"about":[{"href":"https:\/\/enagrom.ovh\/handiespoir\/wp-json\/wp\/v2\/types\/page"}],"author":[{"embeddable":true,"href":"https:\/\/enagrom.ovh\/handiespoir\/wp-json\/wp\/v2\/users\/2"}],"replies":[{"embeddable":true,"href":"https:\/\/enagrom.ovh\/handiespoir\/wp-json\/wp\/v2\/comments?post=815"}],"version-history":[{"count":0,"href":"https:\/\/enagrom.ovh\/handiespoir\/wp-json\/wp\/v2\/pages\/815\/revisions"}],"wp:attachment":[{"href":"https:\/\/enagrom.ovh\/handiespoir\/wp-json\/wp\/v2\/media?parent=815"}],"curies":[{"name":"wp","href":"https:\/\/api.w.org\/{rel}","templated":true}]}}